{"id":546,"date":"2025-10-21T11:58:37","date_gmt":"2025-10-21T09:58:37","guid":{"rendered":"https:\/\/lamaisonbulle.fr\/?page_id=546"},"modified":"2025-10-21T18:54:17","modified_gmt":"2025-10-21T16:54:17","slug":"presentation-de-nos-ateliers","status":"publish","type":"page","link":"https:\/\/lamaisonbulle.fr\/?page_id=546","title":{"rendered":"Pr\u00e9sentation de nos intervenantes et de nos ateliers"},"content":{"rendered":"\n<p><strong><mark style=\"background-color:rgba(0, 0, 0, 0)\" class=\"has-inline-color has-vivid-green-cyan-color\">Eveil musical<\/mark><\/strong><\/p>\n\n\n\n<p><strong>Les ateliers de&nbsp;musique parents \/ enfants sont un moment <\/strong>privil\u00e9gi\u00e9 d&rsquo;\u00e9coute, de lien et de d\u00e9couvertes <strong>pour prolonger la complicit\u00e9 avec votre enfant.&nbsp;<\/strong><\/p>\n\n\n\n<p>Dans son approche musicale avec la petite enfance, Marion s&rsquo;adapte \u00e0 toutes et \u00e0 tous volontiers pour permettre un voyage musical pour petits et grands. Un moment hors du temps pour s&rsquo;\u00e9veiller,&nbsp; r\u00eaver, de s&rsquo;\u00e9panouir et grandir au travers d&rsquo;un univers sonore, \u00e0 la rencontre du monde et de ses couleurs \u00ab\u00a0extra-ordinaires\u00a0\u00bb.<\/p>\n\n\n\n<p>Marion H\u00e9ly, Musicienne professionnelle<br>Professeur dipl\u00f4m\u00e9e du Conservatoire National Sup\u00e9rieur de Musique de Paris et de Lyon, Marion H\u00e9ly se joue des fl\u00fbtes<br>et de la musique, de la grande sc\u00e8ne \u00e0 l&rsquo;intimit\u00e9 d&rsquo;un atelier avec la m\u00eame passion !<\/p>\n\n\n\n<p>Forte de son exp\u00e9rience dans de nombreux milieux scolaires et artistiques, Marion H\u00e9ly a toujours souhait\u00e9<br>transmettre, \u00e0 tous, et elle reste particuli\u00e8rement attach\u00e9e \u00e0 l&rsquo;\u00e9veil artistique des plus jeunes dans une multitude de<br>contextes, de lieux et de temporalit\u00e9s.<br><strong>Venir en tenue confortable, en chaussettes ou pieds nus de pr\u00e9f\u00e9rence.<\/strong> <\/p>\n\n\n\n<figure class=\"wp-block-image size-full\"><img decoding=\"async\" loading=\"lazy\" width=\"776\" height=\"342\" src=\"http:\/\/lamaisonbulle.fr\/wp-content\/uploads\/2025\/10\/eveil-musical.png\" alt=\"\" class=\"wp-image-547\" srcset=\"https:\/\/lamaisonbulle.fr\/wp-content\/uploads\/2025\/10\/eveil-musical.png 776w, https:\/\/lamaisonbulle.fr\/wp-content\/uploads\/2025\/10\/eveil-musical-300x132.png 300w, https:\/\/lamaisonbulle.fr\/wp-content\/uploads\/2025\/10\/eveil-musical-768x338.png 768w\" sizes=\"(max-width: 776px) 100vw, 776px\" \/><\/figure>\n\n\n\n<figure class=\"wp-block-image size-large is-resized\"><img decoding=\"async\" loading=\"lazy\" width=\"1024\" height=\"768\" src=\"https:\/\/lamaisonbulle.fr\/wp-content\/uploads\/2025\/10\/eveil-musical-1-1024x768.jpg\" alt=\"\" class=\"wp-image-548\" style=\"aspect-ratio:1.3333333333333333;width:451px;height:auto\" srcset=\"https:\/\/lamaisonbulle.fr\/wp-content\/uploads\/2025\/10\/eveil-musical-1-1024x768.jpg 1024w, https:\/\/lamaisonbulle.fr\/wp-content\/uploads\/2025\/10\/eveil-musical-1-300x225.jpg 300w, https:\/\/lamaisonbulle.fr\/wp-content\/uploads\/2025\/10\/eveil-musical-1-768x576.jpg 768w, https:\/\/lamaisonbulle.fr\/wp-content\/uploads\/2025\/10\/eveil-musical-1-1536x1152.jpg 1536w, https:\/\/lamaisonbulle.fr\/wp-content\/uploads\/2025\/10\/eveil-musical-1-2048x1536.jpg 2048w\" sizes=\"(max-width: 1024px) 100vw, 1024px\" \/><\/figure>\n\n\n\n<p><\/p>\n\n\n\n<p><strong><mark style=\"background-color:rgba(0, 0, 0, 0)\" class=\"has-inline-color has-pale-pink-color\">Eveil corporel<\/mark><\/strong><\/p>\n\n\n\n<p><strong>Les ateliers de danse parents \/ enfants sont un moment pour prolonger la complicit\u00e9 avec votre enfant par le jeu du mouvement.&nbsp;<\/strong><\/p>\n\n\n\n<p><strong>Il s&rsquo;agira de d\u00e9couvrir&nbsp; et d&rsquo;explorer un autre langage pour inventer, cr\u00e9er&nbsp;&nbsp;une nouvelle mani\u00e8re d&rsquo;entrer en relation.&nbsp;<\/strong><strong>Les parties dans\u00e9es pourront autant favoriser l&rsquo;\u00e9coute des sensations, que la relation \u00e0 la musique,&nbsp; au rythme, et des diff\u00e9rents niveaux d&rsquo;espace .<\/strong><strong>L&rsquo;atelier se veut \u00eatre un temps d&rsquo;\u00e9veil \u00e0 la danse, ludique et sensible, pour nous relier autour du plaisir de danser.<\/strong><strong>Il s&rsquo;agira aussi de se saisir des r\u00e9actions des enfants , de faire et laisser-faire&#8230;tout en restant \u00e0 leur \u00e9coute.<\/strong><strong>Venir en tenue confortable, en chaussettes ou pieds nus de pr\u00e9f\u00e9rence.<\/strong><strong>Maeva Combescot, danseuse professionnelle<\/strong><\/p>\n\n\n\n<p>Apr\u00e8s une formation de danseuse interpr\u00e8te au Conservatoire de Montpellier puis au Centre de D\u00e9veloppement Chor\u00e9graphique de Toulouse, Maeva int\u00e8gre l&rsquo;universit\u00e9 obtient une maitrise de danse \u00e0 l&rsquo;universit\u00e9 de Paris 8. Professeure dipl\u00f4m\u00e9e d&rsquo;Etat en danse contemporaine depuis 2017, elle m\u00e8ne des ateliers de sensibilisation et de cr\u00e9ations chor\u00e9graphiques en milieu scolaire, aupr\u00e8s de personnes en situation de handicap ainsi qu&rsquo;aupr\u00e8s de structures sp\u00e9cialis\u00e9es (maison de retraite&#8230;).&nbsp;<\/p>\n\n\n\n<p>En mars 2020, elle a une fille et cela lui donne envie de mener des ateliers de danse autour de la parentalit\u00e9. C&rsquo;est alors qu&rsquo;elle d\u00e9cide de se former \u00e0 la danse pr\u00e9natale, \u00e0 la danse avec b\u00e9b\u00e9 et \u00e0 la danse parents \/ enfants.<\/p>\n\n\n\n<figure class=\"wp-block-image size-full\"><img decoding=\"async\" loading=\"lazy\" width=\"474\" height=\"219\" src=\"http:\/\/lamaisonbulle.fr\/wp-content\/uploads\/2025\/01\/danse.jpg\" alt=\"\" class=\"wp-image-511\" srcset=\"https:\/\/lamaisonbulle.fr\/wp-content\/uploads\/2025\/01\/danse.jpg 474w, https:\/\/lamaisonbulle.fr\/wp-content\/uploads\/2025\/01\/danse-300x139.jpg 300w\" sizes=\"(max-width: 474px) 100vw, 474px\" \/><\/figure>\n\n\n\n<figure class=\"wp-block-image size-large is-resized\"><img decoding=\"async\" loading=\"lazy\" width=\"1024\" height=\"683\" src=\"http:\/\/lamaisonbulle.fr\/wp-content\/uploads\/2025\/01\/MAEVA_COMBESCOT_02533-1024x683.jpg\" alt=\"\" class=\"wp-image-512\" style=\"aspect-ratio:1.499267935578331;width:343px;height:auto\" srcset=\"https:\/\/lamaisonbulle.fr\/wp-content\/uploads\/2025\/01\/MAEVA_COMBESCOT_02533-1024x683.jpg 1024w, https:\/\/lamaisonbulle.fr\/wp-content\/uploads\/2025\/01\/MAEVA_COMBESCOT_02533-300x200.jpg 300w, https:\/\/lamaisonbulle.fr\/wp-content\/uploads\/2025\/01\/MAEVA_COMBESCOT_02533-768x512.jpg 768w, https:\/\/lamaisonbulle.fr\/wp-content\/uploads\/2025\/01\/MAEVA_COMBESCOT_02533.jpg 1199w\" sizes=\"(max-width: 1024px) 100vw, 1024px\" \/><\/figure>\n\n\n\n<p><\/p>\n\n\n\n<p><mark style=\"background-color:rgba(0, 0, 0, 0)\" class=\"has-inline-color has-vivid-purple-color\"><strong>Communication enrichie par les signes<\/strong><\/mark><\/p>\n\n\n\n<p>Val\u00e9rie,<\/p>\n\n\n\n<p>&nbsp;Assistante maternelle agr\u00e9\u00e9e depuis 20 ans.<\/p>\n\n\n\n<p>&nbsp;Animatrice certifi\u00e9e \u00ab\u00a0Signe Avec Moi\u00a0\u00bb en \u00ab\u00a0Communication Enrichie par les Signes\u00a0\u00bb depuis 2 ans.<\/p>\n\n\n\n<p>En juin 2018, j&rsquo;ai suivi deux s\u00e9ances de sensibilisation \u00e0 la \u00ab&nbsp;Communication gestuelle associ\u00e9e \u00e0 la parole&nbsp;\u00bb. J&rsquo;ai imm\u00e9diatement adh\u00e9r\u00e9 \u00e0 cette forme de communication. Pouvoir entrer en communication avec les b\u00e9b\u00e9s et\/ou des enfants, se faire comprendre et surtout les comprendre m&rsquo;apparaissait comme une \u00e9vidence dans mon m\u00e9tier.<\/p>\n\n\n\n<p>Finalement en Octobre 2018, j&rsquo;accueille un premier b\u00e9b\u00e9 avec lequel je mets, tout de suite en place, cette communication gestuelle associ\u00e9e \u00e0 la parole. Les parents sont partie prenante dans mon projet d&rsquo;accueil. Et qu&rsquo;elle ne fut pas ma joie et ma surprise quant \u00e0 14 mois, ce petit bonhomme me signe ses premiers mots \u00ab&nbsp;encore et g\u00e2teau&nbsp;\u00bb&nbsp;!&nbsp;<\/p>\n\n\n\n<p>Cette exp\u00e9rience m&rsquo;a encourag\u00e9e \u00e0 continuer \u00e0 signer. J&rsquo;ai pu constater que plusieurs situations d\u00e9licates, parfois \u00e9motionnellement difficiles \u00e0 g\u00e9rer, ou tout simplement des moments de son ou de mon quotidien ont pu \u00eatre v\u00e9cues plus sereinement gr\u00e2ce \u00e0 quelques signes&nbsp;&nbsp;!<\/p>\n\n\n\n<p>Forte de ces notions, en&nbsp; 2022, je me forme avec l&rsquo;association \u00ab\u00a0Signe Avec Moi\u00a0\u00bb pour pouvoir transmettre cet outil aux familles et plus seulement aux enfants que j&rsquo;accueille.<\/p>\n\n\n\n<p>B\u00e9b\u00e9 a tant de choses \u00e0 nous dire bien avant de pouvoir parler !<\/p>\n\n\n\n<p>B\u00e9b\u00e9 est aussi un grand imitateur puisqu&rsquo;il sait reproduire, bien avant que le langage ne soit en place, des gestes dits \u00ab\u00a0conventionnels\u00a0\u00bb comme : au revoir, bravo&#8230;<\/p>\n\n\n\n<p>Alors mettons entre ses mains de v\u00e9ritables signes, issus de la Langue des Signes Fran\u00e7aises, pour qu&rsquo;il puisse&nbsp;exprimer ses besoins,&nbsp;ses \u00e9motions, ses envies&#8230;<\/p>\n\n\n\n<p>Je te comprends et tu me comprends !!!!<\/p>\n\n\n\n<p>Gr\u00e2ce au concept \u00ab\u00a0Signe&nbsp;Avec Moi\u00a0\u00bb, un lien fort va se cr\u00e9er entre vous et votre b\u00e9b\u00e9 o\u00f9 il se sentira en s\u00e9curit\u00e9 affective.<\/p>\n\n\n\n<p>Je vous propose deux formules :&nbsp;<\/p>\n\n\n\n<p>&#8211; Un atelier d\u00e9couverte d&rsquo;une heure pour se familiariser avec quelques signes ;<\/p>\n\n\n\n<p>&#8211; Une session compl\u00e8te ( 6 ateliers d&rsquo;une heure ou 4 ateliers de 1h30 ) o\u00f9 \u00e0 chaque fois nous aborderons un th\u00e8me diff\u00e9rents li\u00e9s au quotidien de b\u00e9b\u00e9.<\/p>\n\n\n\n<p>Les ateliers sont une bulle de douceur o\u00f9 les parents peuvent prendre le temps d&rsquo;\u00e9changer, de souffler, de se ressourcer et de rigoler !!!&nbsp;<\/p>\n\n\n\n<p>Nous apprenons les signes en nous amusant, en chantant, en racontant des histoires, le tout dans une ambiance bienveillante et chaleureuse.&nbsp;<\/p>\n\n\n\n<p>A la fin de chaque atelier, je vous remets une \u00a0\u00bb Sam&rsquo;merveilles\u00a0\u00bb , un support pour revoir les signes \u00e0 la maison.<\/p>\n\n\n\n<figure class=\"wp-block-image size-large is-resized\"><img decoding=\"async\" loading=\"lazy\" width=\"768\" height=\"1024\" src=\"https:\/\/lamaisonbulle.fr\/wp-content\/uploads\/2025\/10\/ateliersignevalerie-768x1024.jpg\" alt=\"\" class=\"wp-image-559\" style=\"aspect-ratio:0.75;width:366px;height:auto\" srcset=\"https:\/\/lamaisonbulle.fr\/wp-content\/uploads\/2025\/10\/ateliersignevalerie-768x1024.jpg 768w, https:\/\/lamaisonbulle.fr\/wp-content\/uploads\/2025\/10\/ateliersignevalerie-225x300.jpg 225w, https:\/\/lamaisonbulle.fr\/wp-content\/uploads\/2025\/10\/ateliersignevalerie-1152x1536.jpg 1152w, https:\/\/lamaisonbulle.fr\/wp-content\/uploads\/2025\/10\/ateliersignevalerie.jpg 1200w\" sizes=\"(max-width: 768px) 100vw, 768px\" \/><\/figure>\n\n\n\n<figure class=\"wp-block-image size-large is-resized\"><img decoding=\"async\" loading=\"lazy\" width=\"1024\" height=\"576\" src=\"https:\/\/lamaisonbulle.fr\/wp-content\/uploads\/2025\/10\/ateliersugnesvalerie1-1024x576.jpeg\" alt=\"\" class=\"wp-image-560\" style=\"aspect-ratio:1.7777777777777777;width:492px;height:auto\" srcset=\"https:\/\/lamaisonbulle.fr\/wp-content\/uploads\/2025\/10\/ateliersugnesvalerie1-1024x576.jpeg 1024w, https:\/\/lamaisonbulle.fr\/wp-content\/uploads\/2025\/10\/ateliersugnesvalerie1-300x169.jpeg 300w, https:\/\/lamaisonbulle.fr\/wp-content\/uploads\/2025\/10\/ateliersugnesvalerie1-768x432.jpeg 768w, https:\/\/lamaisonbulle.fr\/wp-content\/uploads\/2025\/10\/ateliersugnesvalerie1-1536x864.jpeg 1536w, https:\/\/lamaisonbulle.fr\/wp-content\/uploads\/2025\/10\/ateliersugnesvalerie1-2048x1152.jpeg 2048w\" sizes=\"(max-width: 1024px) 100vw, 1024px\" \/><\/figure>\n","protected":false},"excerpt":{"rendered":"<p>Eveil musical Les ateliers de&nbsp;musique parents \/ enfants sont un moment privil\u00e9gi\u00e9 d&rsquo;\u00e9coute, de lien et de d\u00e9couvertes pour prolonger la complicit\u00e9 avec votre enfant.&nbsp; Dans son approche musicale avec la petite enfance, Marion s&rsquo;adapte \u00e0 toutes et \u00e0 tous volontiers pour permettre un voyage musical pour petits et grands. Un moment hors du temps &hellip; <a href=\"https:\/\/lamaisonbulle.fr\/?page_id=546\" class=\"more-link\">Continuer la lecture de <span class=\"screen-reader-text\">Pr\u00e9sentation de nos intervenantes et de nos ateliers<\/span><\/a><\/p>\n","protected":false},"author":1,"featured_media":0,"parent":0,"menu_order":0,"comment_status":"closed","ping_status":"closed","template":"","meta":{"footnotes":""},"_links":{"self":[{"href":"https:\/\/lamaisonbulle.fr\/index.php?rest_route=\/wp\/v2\/pages\/546"}],"collection":[{"href":"https:\/\/lamaisonbulle.fr\/index.php?rest_route=\/wp\/v2\/pages"}],"about":[{"href":"https:\/\/lamaisonbulle.fr\/index.php?rest_route=\/wp\/v2\/types\/page"}],"author":[{"embeddable":true,"href":"https:\/\/lamaisonbulle.fr\/index.php?rest_route=\/wp\/v2\/users\/1"}],"replies":[{"embeddable":true,"href":"https:\/\/lamaisonbulle.fr\/index.php?rest_route=%2Fwp%2Fv2%2Fcomments&post=546"}],"version-history":[{"count":5,"href":"https:\/\/lamaisonbulle.fr\/index.php?rest_route=\/wp\/v2\/pages\/546\/revisions"}],"predecessor-version":[{"id":561,"href":"https:\/\/lamaisonbulle.fr\/index.php?rest_route=\/wp\/v2\/pages\/546\/revisions\/561"}],"wp:attachment":[{"href":"https:\/\/lamaisonbulle.fr\/index.php?rest_route=%2Fwp%2Fv2%2Fmedia&parent=546"}],"curies":[{"name":"wp","href":"https:\/\/api.w.org\/{rel}","templated":true}]}}